{"id":533,"date":"2019-10-25T23:39:31","date_gmt":"2019-10-25T21:39:31","guid":{"rendered":"http:\/\/sonocadillac.be\/?page_id=533"},"modified":"2023-10-16T08:14:22","modified_gmt":"2023-10-16T06:14:22","slug":"dj-mariage-ittre","status":"publish","type":"page","link":"https:\/\/sonocadillac.be\/index.php\/dj-mariage-ittre\/","title":{"rendered":"DJ Filippo au Palais de la Plume de Ittre pour votre mariage ou autre type d&rsquo;\u00e9v\u00e9nement pour une Ambiance garantie !"},"content":{"rendered":"\t\t<div data-elementor-type=\"wp-page\" data-elementor-id=\"533\" class=\"elementor elementor-533\">\n\t\t\t\t\t\t\t\t\t<section class=\"elementor-section elementor-top-section elementor-element elementor-element-f5602a3 elementor-section-content-middle elementor-section-stretched elementor-section-boxed elementor-section-height-default elementor-section-height-default\" data-id=\"f5602a3\" data-element_type=\"section\" data-settings=\"{&quot;background_background&quot;:&quot;classic&quot;,&quot;stretch_section&quot;:&quot;section-stretched&quot;}\">\n\t\t\t\t\t\t<div class=\"elementor-container elementor-column-gap-no\">\n\t\t\t\t\t<div class=\"elementor-column elementor-col-100 elementor-top-column elementor-element elementor-element-45cc44e7 elementor-invisible\" data-id=\"45cc44e7\" data-element_type=\"column\" data-settings=\"{&quot;background_background&quot;:&quot;gradient&quot;,&quot;animation&quot;:&quot;fadeInDown&quot;}\">\n\t\t\t<div class=\"elementor-widget-wrap elementor-element-populated\">\n\t\t\t\t\t\t\t\t<div class=\"elementor-element elementor-element-ba55c1e animated-slow elementor-widget__width-initial elementor-invisible elementor-widget elementor-widget-heading\" data-id=\"ba55c1e\" data-element_type=\"widget\" data-settings=\"{&quot;_animation&quot;:&quot;bounceIn&quot;}\" data-widget_type=\"heading.default\">\n\t\t\t\t<div class=\"elementor-widget-container\">\n\t\t\t<style>\/*! elementor - v3.18.0 - 08-12-2023 *\/\n.elementor-heading-title{padding:0;margin:0;line-height:1}.elementor-widget-heading .elementor-heading-title[class*=elementor-size-]>a{color:inherit;font-size:inherit;line-height:inherit}.elementor-widget-heading .elementor-heading-title.elementor-size-small{font-size:15px}.elementor-widget-heading .elementor-heading-title.elementor-size-medium{font-size:19px}.elementor-widget-heading .elementor-heading-title.elementor-size-large{font-size:29px}.elementor-widget-heading .elementor-heading-title.elementor-size-xl{font-size:39px}.elementor-widget-heading .elementor-heading-title.elementor-size-xxl{font-size:59px}<\/style><h2 class=\"elementor-heading-title elementor-size-default\"><br><span class=\"h2-default\" style=\"line-height: 3.7rem; font-family: Roboto, sans-serif; text-shadow: rgb(68, 68, 68) 0px 2px 3px; letter-spacing: 5px; font-size: 18px; font-style: normal; font-variant-caps: normal;\">Dj Filippo by Sono Cadillac est actif en Brabant Wallon<\/span><\/h2>\t\t<\/div>\n\t\t\t\t<\/div>\n\t\t\t\t\t<\/div>\n\t\t<\/div>\n\t\t\t\t\t\t\t<\/div>\n\t\t<\/section>\n\t\t\t\t<section class=\"elementor-section elementor-top-section elementor-element elementor-element-8c8954f elementor-section-boxed elementor-section-height-default elementor-section-height-default\" data-id=\"8c8954f\" data-element_type=\"section\">\n\t\t\t\t\t\t<div class=\"elementor-container elementor-column-gap-default\">\n\t\t\t\t\t<div class=\"elementor-column elementor-col-100 elementor-top-column elementor-element elementor-element-3dda144\" data-id=\"3dda144\" data-element_type=\"column\">\n\t\t\t<div class=\"elementor-widget-wrap elementor-element-populated\">\n\t\t\t\t\t\t\t\t<div class=\"elementor-element elementor-element-3546f0c elementor-widget elementor-widget-spacer\" data-id=\"3546f0c\" data-element_type=\"widget\" data-widget_type=\"spacer.default\">\n\t\t\t\t<div class=\"elementor-widget-container\">\n\t\t\t<style>\/*! elementor - v3.18.0 - 08-12-2023 *\/\n.elementor-column .elementor-spacer-inner{height:var(--spacer-size)}.e-con{--container-widget-width:100%}.e-con-inner>.elementor-widget-spacer,.e-con>.elementor-widget-spacer{width:var(--container-widget-width,var(--spacer-size));--align-self:var(--container-widget-align-self,initial);--flex-shrink:0}.e-con-inner>.elementor-widget-spacer>.elementor-widget-container,.e-con>.elementor-widget-spacer>.elementor-widget-container{height:100%;width:100%}.e-con-inner>.elementor-widget-spacer>.elementor-widget-container>.elementor-spacer,.e-con>.elementor-widget-spacer>.elementor-widget-container>.elementor-spacer{height:100%}.e-con-inner>.elementor-widget-spacer>.elementor-widget-container>.elementor-spacer>.elementor-spacer-inner,.e-con>.elementor-widget-spacer>.elementor-widget-container>.elementor-spacer>.elementor-spacer-inner{height:var(--container-widget-height,var(--spacer-size))}.e-con-inner>.elementor-widget-spacer.elementor-widget-empty,.e-con>.elementor-widget-spacer.elementor-widget-empty{position:relative;min-height:22px;min-width:22px}.e-con-inner>.elementor-widget-spacer.elementor-widget-empty .elementor-widget-empty-icon,.e-con>.elementor-widget-spacer.elementor-widget-empty .elementor-widget-empty-icon{position:absolute;top:0;bottom:0;left:0;right:0;margin:auto;padding:0;width:22px;height:22px}<\/style>\t\t<div class=\"elementor-spacer\">\n\t\t\t<div class=\"elementor-spacer-inner\"><\/div>\n\t\t<\/div>\n\t\t\t\t<\/div>\n\t\t\t\t<\/div>\n\t\t\t\t\t<\/div>\n\t\t<\/div>\n\t\t\t\t\t\t\t<\/div>\n\t\t<\/section>\n\t\t\t\t<section class=\"elementor-section elementor-top-section elementor-element elementor-element-42e0d62 elementor-section-boxed elementor-section-height-default elementor-section-height-default\" data-id=\"42e0d62\" data-element_type=\"section\">\n\t\t\t\t\t\t<div class=\"elementor-container elementor-column-gap-default\">\n\t\t\t\t\t<div class=\"elementor-column elementor-col-100 elementor-top-column elementor-element elementor-element-80e87bc\" data-id=\"80e87bc\" data-element_type=\"column\">\n\t\t\t<div class=\"elementor-widget-wrap elementor-element-populated\">\n\t\t\t\t\t\t\t\t<div class=\"elementor-element elementor-element-5367ef1 elementor-widget elementor-widget-text-editor\" data-id=\"5367ef1\" data-element_type=\"widget\" data-widget_type=\"text-editor.default\">\n\t\t\t\t<div class=\"elementor-widget-container\">\n\t\t\t<style>\/*! elementor - v3.18.0 - 08-12-2023 *\/\n.elementor-widget-text-editor.elementor-drop-cap-view-stacked .elementor-drop-cap{background-color:#69727d;color:#fff}.elementor-widget-text-editor.elementor-drop-cap-view-framed .elementor-drop-cap{color:#69727d;border:3px solid;background-color:transparent}.elementor-widget-text-editor:not(.elementor-drop-cap-view-default) .elementor-drop-cap{margin-top:8px}.elementor-widget-text-editor:not(.elementor-drop-cap-view-default) .elementor-drop-cap-letter{width:1em;height:1em}.elementor-widget-text-editor .elementor-drop-cap{float:left;text-align:center;line-height:1;font-size:50px}.elementor-widget-text-editor .elementor-drop-cap-letter{display:inline-block}<\/style>\t\t\t\t<p>Vous recherchez une salle de r\u00e9ception et un DJ pour une c\u00e9r\u00e9monie de mariage, une f\u00eate d&rsquo; anniversaire, une soir\u00e9e d&rsquo;entreprise ou autres type d&rsquo;\u00e9v\u00e9nement sur Tubize, Saintes, Ittre, Soignies, Nivelles, Bruxelles ou ? Dj Filippo by Sono Cadillac r\u00e9pondra pr\u00e9sent et vous garantira l&rsquo;Ambiance de votre \u00e9v\u00e9nement ! Il mettra \u00e0 votre disposition du mat\u00e9riel son et lumi\u00e8re professionnel. Fort de ses 20 ans d&rsquo;exp\u00e9rience Dj Filippo fera le maximum pour que votre \u00e9v\u00e9nement soit une r\u00e9ussite et pour que vos invit\u00e9s s&rsquo;en souviennent. N&rsquo;h\u00e9sitez plus contactez le !<\/p>\t\t\t\t\t\t<\/div>\n\t\t\t\t<\/div>\n\t\t\t\t\t<\/div>\n\t\t<\/div>\n\t\t\t\t\t\t\t<\/div>\n\t\t<\/section>\n\t\t\t\t<section class=\"elementor-section elementor-top-section elementor-element elementor-element-e4bd138 elementor-section-boxed elementor-section-height-default elementor-section-height-default\" data-id=\"e4bd138\" data-element_type=\"section\">\n\t\t\t\t\t\t<div class=\"elementor-container elementor-column-gap-default\">\n\t\t\t\t\t<div class=\"elementor-column elementor-col-100 elementor-top-column elementor-element elementor-element-f731d8f\" data-id=\"f731d8f\" data-element_type=\"column\">\n\t\t\t<div class=\"elementor-widget-wrap elementor-element-populated\">\n\t\t\t\t\t\t\t\t<div class=\"elementor-element elementor-element-7841449 elementor-align-center elementor-widget elementor-widget-button\" data-id=\"7841449\" data-element_type=\"widget\" data-widget_type=\"button.default\">\n\t\t\t\t<div class=\"elementor-widget-container\">\n\t\t\t\t\t<div class=\"elementor-button-wrapper\">\n\t\t\t<a class=\"elementor-button elementor-button-link elementor-size-sm\" href=\"http:\/\/sonocadillac.be\/index.php\/contact\/\">\n\t\t\t\t\t\t<span class=\"elementor-button-content-wrapper\">\n\t\t\t\t\t\t<span class=\"elementor-button-text\">Contactez le DJ <\/span>\n\t\t<\/span>\n\t\t\t\t\t<\/a>\n\t\t<\/div>\n\t\t\t\t<\/div>\n\t\t\t\t<\/div>\n\t\t\t\t\t<\/div>\n\t\t<\/div>\n\t\t\t\t\t\t\t<\/div>\n\t\t<\/section>\n\t\t\t\t<section class=\"elementor-section elementor-top-section elementor-element elementor-element-76a5b5b elementor-section-boxed elementor-section-height-default elementor-section-height-default\" data-id=\"76a5b5b\" data-element_type=\"section\">\n\t\t\t\t\t\t<div class=\"elementor-container elementor-column-gap-default\">\n\t\t\t\t\t<div class=\"elementor-column elementor-col-100 elementor-top-column elementor-element elementor-element-b7bdbc9\" data-id=\"b7bdbc9\" data-element_type=\"column\">\n\t\t\t<div class=\"elementor-widget-wrap elementor-element-populated\">\n\t\t\t\t\t\t\t\t<div class=\"elementor-element elementor-element-a100797 elementor-widget elementor-widget-heading\" data-id=\"a100797\" data-element_type=\"widget\" data-widget_type=\"heading.default\">\n\t\t\t\t<div class=\"elementor-widget-container\">\n\t\t\t<h2 class=\"elementor-heading-title elementor-size-default\">DJ FILIPPO VOUS RECOMMANDE DANS LA REGION \"LE PALAIS DE LA PLUME\"<\/h2>\t\t<\/div>\n\t\t\t\t<\/div>\n\t\t\t\t\t<\/div>\n\t\t<\/div>\n\t\t\t\t\t\t\t<\/div>\n\t\t<\/section>\n\t\t\t\t<section class=\"elementor-section elementor-top-section elementor-element elementor-element-4c98ef25 elementor-section-content-middle elementor-reverse-mobile elementor-section-stretched elementor-section-boxed elementor-section-height-default elementor-section-height-default\" data-id=\"4c98ef25\" data-element_type=\"section\" data-settings=\"{&quot;background_background&quot;:&quot;classic&quot;,&quot;stretch_section&quot;:&quot;section-stretched&quot;}\">\n\t\t\t\t\t\t<div class=\"elementor-container elementor-column-gap-no\">\n\t\t\t\t\t<div class=\"elementor-column elementor-col-50 elementor-top-column elementor-element elementor-element-60a80bd3\" data-id=\"60a80bd3\" data-element_type=\"column\" data-settings=\"{&quot;background_background&quot;:&quot;classic&quot;}\">\n\t\t\t<div class=\"elementor-widget-wrap elementor-element-populated\">\n\t\t\t\t\t\t\t\t<div class=\"elementor-element elementor-element-19c3a725 elementor-widget elementor-widget-heading\" data-id=\"19c3a725\" data-element_type=\"widget\" data-widget_type=\"heading.default\">\n\t\t\t\t<div class=\"elementor-widget-container\">\n\t\t\t<h3 class=\"elementor-heading-title elementor-size-large\"><a href=\"http:\/\/relaisdelacite.be\/fr\/\"><font color=\"#ffffff\" face=\"Roboto, sans-serif\" size=\"4\"><span style=\"letter-spacing: 5px; white-space: normal;\">Votre<\/span><\/font><br><\/a><\/h3>\t\t<\/div>\n\t\t\t\t<\/div>\n\t\t\t\t<div class=\"elementor-element elementor-element-a4046ee elementor-widget elementor-widget-text-editor\" data-id=\"a4046ee\" data-element_type=\"widget\" data-widget_type=\"text-editor.default\">\n\t\t\t\t<div class=\"elementor-widget-container\">\n\t\t\t\t\t\t\t<p><span style=\"letter-spacing: 0px;\"><strong>Le Palais de Pl\u00fbme<\/strong>, une salle unique, myst\u00e9rieuse et f\u00e9\u00e9rique pour vos \u00e9v\u00e9nements priv\u00e9s ou professionnels.\u00a0<\/span><\/p><p><a href=\"https:\/\/www.palaisdeplume.be\">www.palaisdeplume.be<\/a><\/p>\t\t\t\t\t\t<\/div>\n\t\t\t\t<\/div>\n\t\t\t\t\t<\/div>\n\t\t<\/div>\n\t\t\t\t<div class=\"elementor-column elementor-col-50 elementor-top-column elementor-element elementor-element-5799565b\" data-id=\"5799565b\" data-element_type=\"column\">\n\t\t\t<div class=\"elementor-widget-wrap elementor-element-populated\">\n\t\t\t\t\t\t\t\t<div class=\"elementor-element elementor-element-7746816 elementor-widget elementor-widget-image\" data-id=\"7746816\" data-element_type=\"widget\" data-widget_type=\"image.default\">\n\t\t\t\t<div class=\"elementor-widget-container\">\n\t\t\t<style>\/*! elementor - v3.18.0 - 08-12-2023 *\/\n.elementor-widget-image{text-align:center}.elementor-widget-image a{display:inline-block}.elementor-widget-image a img[src$=\".svg\"]{width:48px}.elementor-widget-image img{vertical-align:middle;display:inline-block}<\/style>\t\t\t\t\t\t\t\t\t\t\t\t<img fetchpriority=\"high\" decoding=\"async\" width=\"1024\" height=\"682\" src=\"https:\/\/sonocadillac.be\/wp-content\/uploads\/2019\/10\/palais-de-la-plume-mariage-1024x682.jpg\" class=\"attachment-large size-large wp-image-537\" alt=\"\" srcset=\"https:\/\/sonocadillac.be\/wp-content\/uploads\/2019\/10\/palais-de-la-plume-mariage-1024x682.jpg 1024w, https:\/\/sonocadillac.be\/wp-content\/uploads\/2019\/10\/palais-de-la-plume-mariage-300x200.jpg 300w, https:\/\/sonocadillac.be\/wp-content\/uploads\/2019\/10\/palais-de-la-plume-mariage-768x512.jpg 768w, https:\/\/sonocadillac.be\/wp-content\/uploads\/2019\/10\/palais-de-la-plume-mariage-219x146.jpg 219w, https:\/\/sonocadillac.be\/wp-content\/uploads\/2019\/10\/palais-de-la-plume-mariage-50x33.jpg 50w, https:\/\/sonocadillac.be\/wp-content\/uploads\/2019\/10\/palais-de-la-plume-mariage-113x75.jpg 113w, https:\/\/sonocadillac.be\/wp-content\/uploads\/2019\/10\/palais-de-la-plume-mariage.jpg 1280w\" sizes=\"(max-width: 1024px) 100vw, 1024px\" \/>\t\t\t\t\t\t\t\t\t\t\t\t\t\t\t<\/div>\n\t\t\t\t<\/div>\n\t\t\t\t\t<\/div>\n\t\t<\/div>\n\t\t\t\t\t\t\t<\/div>\n\t\t<\/section>\n\t\t\t\t<section class=\"elementor-section elementor-top-section elementor-element elementor-element-c49249b elementor-section-boxed elementor-section-height-default elementor-section-height-default\" data-id=\"c49249b\" data-element_type=\"section\">\n\t\t\t\t\t\t<div class=\"elementor-container elementor-column-gap-default\">\n\t\t\t\t\t<div class=\"elementor-column elementor-col-100 elementor-top-column elementor-element elementor-element-31ec562\" data-id=\"31ec562\" data-element_type=\"column\">\n\t\t\t<div class=\"elementor-widget-wrap elementor-element-populated\">\n\t\t\t\t\t\t\t\t<div class=\"elementor-element elementor-element-b1dca5f elementor-widget elementor-widget-text-editor\" data-id=\"b1dca5f\" data-element_type=\"widget\" data-widget_type=\"text-editor.default\">\n\t\t\t\t<div class=\"elementor-widget-container\">\n\t\t\t\t\t\t\t<p><span style=\"color: #483e39; font-family: 'Roboto Condensed'; font-size: 19px; font-style: normal; font-variant-caps: normal; background-color: #ffffff; letter-spacing: 0px;\">Le Palais de Plume est un authentique th\u00e9\u00e2tre lyrique qui a \u00e9t\u00e9 enti\u00e8rement r\u00e9nov\u00e9 en 1997 qui peut accueillir de 10 \u00e0 900 personnes. Cette salle, situ\u00e9e dans un charmant village pittoresque \u00e0 deux pas de la capitale a gard\u00e9 le style baroque et majestueux d\u2019antan. En choisissant le Palais de Plume, vous \u00eates certains de surprendre vos invit\u00e9s d\u00e8s l\u2019arriv\u00e9e dans l\u2019entr\u00e9e, face \u00e0 un escalier majestueux, pour ensuite leur faire d\u00e9couvrir le magnifique th\u00e9\u00e2tre suivi d\u2019une nouvelle orangerie en Blanc et Or avec une vue sur les magnifique jardins.<\/span><\/p>\n<p style=\"text-align: start;\"><span style=\"color: #483e39; font-family: 'Roboto Condensed'; font-style: normal; font-variant-caps: normal; text-align: center; background-color: #ffffff; letter-spacing: 0px; font-size: 19px;\">L&rsquo;entr\u00e9e : en&nbsp;<\/span><span style=\"color: rgb(72, 62, 57); font-family: &quot;Roboto Condensed&quot;; font-size: 15px; font-style: normal; font-variant-caps: normal; text-align: center; background-color: rgb(255, 255, 255); letter-spacing: 0px;\">arrivant devant la fa\u00e7ade du Palais de Plume, vous serez incapable de deviner les joyaux qui se cachent \u00e0 l\u2019int\u00e9rieur. Vous serez donc agr\u00e9ablement surpris par la magie de la d\u00e9couverte.<\/span><span style=\"letter-spacing: 0px; text-align: center; background-color: rgb(255, 255, 255);\"><span style=\"color: #483e39; font-family: 'Roboto Condensed';\"><span style=\"font-size: 15px; letter-spacing: 0px;\">&nbsp;Le&nbsp;<\/span><span style=\"font-size: 15px;\">Th\u00e9\u00e2tre<\/span><span style=\"font-size: 15px; letter-spacing: 0px;\">&nbsp;: c<\/span><\/span><\/span><span style=\"font-style: normal; font-variant-caps: normal; letter-spacing: 0px; color: rgb(72, 62, 57); font-family: &quot;Roboto Condensed&quot;; font-size: 15px; text-align: center; background-color: rgb(255, 255, 255);\">et authentique th\u00e9\u00e2tre lyrique est un magnifique lieu de f\u00eate. Le parquet, les somptueux lustres, les fresques inspir\u00e9es d\u2019un palais toscan lui conf\u00e8rent une atmosph\u00e8re chaleureuse, \u00e9l\u00e9gante et conviviale. Vous avez l\u2019\u00e9l\u00e9gance d\u2019un ch\u00e2teau, l\u2019originalit\u00e9 en plus.<\/span><\/p>\n<p><span style=\"color: #483e39; font-family: 'Roboto Condensed'; font-size: 15px; font-style: normal; font-variant-caps: normal; text-align: center; background-color: #ffffff; letter-spacing: 0px;\">L&rsquo;Orangerie : l<\/span><span style=\"color: #483e39; font-family: 'Roboto Condensed'; font-size: 15px; font-style: normal; font-variant-caps: normal; text-align: center; background-color: #ffffff; letter-spacing: 0px;\">\u2019orangerie attenante au jardin est lumineuse, spacieuse et sobre. Elle permet d\u2019organiser une r\u00e9ception, une c\u00e9r\u00e9monie ou un d\u00eener avec vue sur les jardins \u00e9clair\u00e9s.<\/span><\/p>\n<p><span style=\"color: #483e39; font-family: 'Roboto Condensed'; font-size: 15px; font-style: normal; font-variant-caps: normal; text-align: center; background-color: #ffffff; letter-spacing: 0px;\">La loge des Artistes : &nbsp;l<\/span><span style=\"color: #483e39; font-family: 'Roboto Condensed'; font-size: 15px; font-style: normal; font-variant-caps: normal; text-align: center; background-color: #ffffff; letter-spacing: 0px;\">a loge des artistes est un espace polyvalent qui peut servir de salle d\u2019accueil, de salon cosy, de studio photos ou de salle pour les enfants.&nbsp;<\/span><\/p>\t\t\t\t\t\t<\/div>\n\t\t\t\t<\/div>\n\t\t\t\t\t<\/div>\n\t\t<\/div>\n\t\t\t\t\t\t\t<\/div>\n\t\t<\/section>\n\t\t\t\t<section class=\"elementor-section elementor-top-section elementor-element elementor-element-2e285df elementor-section-boxed elementor-section-height-default elementor-section-height-default\" data-id=\"2e285df\" data-element_type=\"section\">\n\t\t\t\t\t\t<div class=\"elementor-container elementor-column-gap-default\">\n\t\t\t\t\t<div class=\"elementor-column elementor-col-100 elementor-top-column elementor-element elementor-element-86cbab8\" data-id=\"86cbab8\" data-element_type=\"column\">\n\t\t\t<div class=\"elementor-widget-wrap elementor-element-populated\">\n\t\t\t\t\t\t\t\t<div class=\"elementor-element elementor-element-545c9df elementor-widget elementor-widget-text-editor\" data-id=\"545c9df\" data-element_type=\"widget\" data-widget_type=\"text-editor.default\">\n\t\t\t\t<div class=\"elementor-widget-container\">\n\t\t\t\t\t\t\t<p>Le Palais de Pl\u00fbme se trouve \u00e0 proximit\u00e9 des villes suivantes :<\/p><ul><li><strong>Brabant wallon<\/strong> : Tubize, Saintes, Rebecq, Ittre, Braine-le-Ch\u00e2teau, Ophain, Braine-l\u2019Alleud, Waterloo, Lasne, Genappe, Nivelles<\/li><li>Hainaut : Braine-le-Comte, Soignies, Enghien, Ecaussinnes, Manage<\/li><li>Brabant flamand : Herne, Kokejane, Heikruis, Trop, Kester, Pepingen, Sint-Pieters-Leeuw, Beersel, Alsemberg, Halle, \u2026<\/li><li>Bruxelles : \u00e0 20 minutes \u00e0 peine par les grands axes<\/li><\/ul>\t\t\t\t\t\t<\/div>\n\t\t\t\t<\/div>\n\t\t\t\t\t<\/div>\n\t\t<\/div>\n\t\t\t\t\t\t\t<\/div>\n\t\t<\/section>\n\t\t\t\t<section class=\"elementor-section elementor-top-section elementor-element elementor-element-1f2108d elementor-section-boxed elementor-section-height-default elementor-section-height-default\" data-id=\"1f2108d\" data-element_type=\"section\">\n\t\t\t\t\t\t<div class=\"elementor-container elementor-column-gap-default\">\n\t\t\t\t\t<div class=\"elementor-column elementor-col-33 elementor-top-column elementor-element elementor-element-52925e6\" data-id=\"52925e6\" data-element_type=\"column\">\n\t\t\t<div class=\"elementor-widget-wrap elementor-element-populated\">\n\t\t\t\t\t\t\t\t<div class=\"elementor-element elementor-element-e4cb235 elementor-widget elementor-widget-image\" data-id=\"e4cb235\" data-element_type=\"widget\" data-widget_type=\"image.default\">\n\t\t\t\t<div class=\"elementor-widget-container\">\n\t\t\t\t\t\t\t\t\t\t\t\t\t\t\t<img decoding=\"async\" width=\"1280\" height=\"500\" src=\"https:\/\/sonocadillac.be\/wp-content\/uploads\/2019\/10\/palais-de-la-plume-ambiance-1280x500.jpg\" class=\"attachment-portfolio-mf-w size-portfolio-mf-w wp-image-538\" alt=\"\" \/>\t\t\t\t\t\t\t\t\t\t\t\t\t\t\t<\/div>\n\t\t\t\t<\/div>\n\t\t\t\t\t<\/div>\n\t\t<\/div>\n\t\t\t\t<div class=\"elementor-column elementor-col-33 elementor-top-column elementor-element elementor-element-4889c59\" data-id=\"4889c59\" data-element_type=\"column\">\n\t\t\t<div class=\"elementor-widget-wrap elementor-element-populated\">\n\t\t\t\t\t\t\t\t<div class=\"elementor-element elementor-element-cffda5d elementor-widget elementor-widget-image\" data-id=\"cffda5d\" data-element_type=\"widget\" data-widget_type=\"image.default\">\n\t\t\t\t<div class=\"elementor-widget-container\">\n\t\t\t\t\t\t\t\t\t\t\t\t\t\t\t<img decoding=\"async\" width=\"1280\" height=\"500\" src=\"https:\/\/sonocadillac.be\/wp-content\/uploads\/2019\/10\/palais-de-la-plume-exterieur-1280x500.jpg\" class=\"attachment-portfolio-mf-w size-portfolio-mf-w wp-image-539\" alt=\"\" \/>\t\t\t\t\t\t\t\t\t\t\t\t\t\t\t<\/div>\n\t\t\t\t<\/div>\n\t\t\t\t\t<\/div>\n\t\t<\/div>\n\t\t\t\t<div class=\"elementor-column elementor-col-33 elementor-top-column elementor-element elementor-element-146038d\" data-id=\"146038d\" data-element_type=\"column\">\n\t\t\t<div class=\"elementor-widget-wrap elementor-element-populated\">\n\t\t\t\t\t\t\t\t<div class=\"elementor-element elementor-element-337b412 elementor-widget elementor-widget-image\" data-id=\"337b412\" data-element_type=\"widget\" data-widget_type=\"image.default\">\n\t\t\t\t<div class=\"elementor-widget-container\">\n\t\t\t\t\t\t\t\t\t\t\t\t\t\t\t<img loading=\"lazy\" decoding=\"async\" width=\"1195\" height=\"500\" src=\"https:\/\/sonocadillac.be\/wp-content\/uploads\/2019\/10\/1-jardin-palais-de-plume-1195x500.jpg\" class=\"attachment-portfolio-mf-w size-portfolio-mf-w wp-image-540\" alt=\"\" \/>\t\t\t\t\t\t\t\t\t\t\t\t\t\t\t<\/div>\n\t\t\t\t<\/div>\n\t\t\t\t\t<\/div>\n\t\t<\/div>\n\t\t\t\t\t\t\t<\/div>\n\t\t<\/section>\n\t\t\t\t<section class=\"elementor-section elementor-top-section elementor-element elementor-element-0ed0ccf elementor-section-boxed elementor-section-height-default elementor-section-height-default\" data-id=\"0ed0ccf\" data-element_type=\"section\">\n\t\t\t\t\t\t<div class=\"elementor-container elementor-column-gap-default\">\n\t\t\t\t\t<div class=\"elementor-column elementor-col-100 elementor-top-column elementor-element elementor-element-efbd78c\" data-id=\"efbd78c\" data-element_type=\"column\">\n\t\t\t<div class=\"elementor-widget-wrap elementor-element-populated\">\n\t\t\t\t\t\t\t\t<div class=\"elementor-element elementor-element-0e2c42d elementor-widget elementor-widget-spacer\" data-id=\"0e2c42d\" data-element_type=\"widget\" data-widget_type=\"spacer.default\">\n\t\t\t\t<div class=\"elementor-widget-container\">\n\t\t\t\t\t<div class=\"elementor-spacer\">\n\t\t\t<div class=\"elementor-spacer-inner\"><\/div>\n\t\t<\/div>\n\t\t\t\t<\/div>\n\t\t\t\t<\/div>\n\t\t\t\t\t<\/div>\n\t\t<\/div>\n\t\t\t\t\t\t\t<\/div>\n\t\t<\/section>\n\t\t\t\t<section class=\"elementor-section elementor-top-section elementor-element elementor-element-b46da5b elementor-section-stretched elementor-section-boxed elementor-section-height-default elementor-section-height-default\" data-id=\"b46da5b\" data-element_type=\"section\" data-settings=\"{&quot;stretch_section&quot;:&quot;section-stretched&quot;}\">\n\t\t\t\t\t\t<div class=\"elementor-container elementor-column-gap-default\">\n\t\t\t\t\t<div class=\"elementor-column elementor-col-100 elementor-top-column elementor-element elementor-element-09ceada\" data-id=\"09ceada\" data-element_type=\"column\">\n\t\t\t<div class=\"elementor-widget-wrap elementor-element-populated\">\n\t\t\t\t\t\t\t\t<div class=\"elementor-element elementor-element-6525421 elementor-align-center elementor-widget elementor-widget-button\" data-id=\"6525421\" data-element_type=\"widget\" data-widget_type=\"button.default\">\n\t\t\t\t<div class=\"elementor-widget-container\">\n\t\t\t\t\t<div class=\"elementor-button-wrapper\">\n\t\t\t<a class=\"elementor-button elementor-button-link elementor-size-sm\" href=\"http:\/\/sonocadillac.be\/index.php\/contact\/\">\n\t\t\t\t\t\t<span class=\"elementor-button-content-wrapper\">\n\t\t\t\t\t\t<span class=\"elementor-button-text\">Contactez le DJ<\/span>\n\t\t<\/span>\n\t\t\t\t\t<\/a>\n\t\t<\/div>\n\t\t\t\t<\/div>\n\t\t\t\t<\/div>\n\t\t\t\t\t<\/div>\n\t\t<\/div>\n\t\t\t\t\t\t\t<\/div>\n\t\t<\/section>\n\t\t\t\t<section class=\"elementor-section elementor-top-section elementor-element elementor-element-f5b8b93 elementor-section-boxed elementor-section-height-default elementor-section-height-default\" data-id=\"f5b8b93\" data-element_type=\"section\">\n\t\t\t\t\t\t<div class=\"elementor-container elementor-column-gap-default\">\n\t\t\t\t\t<div class=\"elementor-column elementor-col-100 elementor-top-column elementor-element elementor-element-c197346\" data-id=\"c197346\" data-element_type=\"column\">\n\t\t\t<div class=\"elementor-widget-wrap elementor-element-populated\">\n\t\t\t\t\t\t\t\t<div class=\"elementor-element elementor-element-2c64c09 elementor-widget elementor-widget-google_maps\" data-id=\"2c64c09\" data-element_type=\"widget\" data-widget_type=\"google_maps.default\">\n\t\t\t\t<div class=\"elementor-widget-container\">\n\t\t\t<style>\/*! elementor - v3.18.0 - 08-12-2023 *\/\n.elementor-widget-google_maps .elementor-widget-container{overflow:hidden}.elementor-widget-google_maps .elementor-custom-embed{line-height:0}.elementor-widget-google_maps iframe{height:300px}<\/style>\t\t<div class=\"elementor-custom-embed\">\n\t\t\t<iframe loading=\"lazy\"\n\t\t\t\t\tsrc=\"https:\/\/maps.google.com\/maps?q=domaine%20des%205%20sens&#038;t=m&#038;z=10&#038;output=embed&#038;iwloc=near\"\n\t\t\t\t\ttitle=\"domaine des 5 sens\"\n\t\t\t\t\taria-label=\"domaine des 5 sens\"\n\t\t\t><\/iframe>\n\t\t<\/div>\n\t\t\t\t<\/div>\n\t\t\t\t<\/div>\n\t\t\t\t\t<\/div>\n\t\t<\/div>\n\t\t\t\t\t\t\t<\/div>\n\t\t<\/section>\n\t\t\t\t\t\t\t<\/div>\n\t\t","protected":false},"excerpt":{"rendered":"<p>Dj Filippo by Sono Cadillac est actif en Brabant Wallon Vous recherchez une salle de r\u00e9ception et un DJ pour une c\u00e9r\u00e9monie de mariage, une f\u00eate<span class=\"excerpt-hellip\"> [\u2026]<\/span><\/p>\n","protected":false},"author":2,"featured_media":0,"parent":0,"menu_order":0,"comment_status":"closed","ping_status":"closed","template":"","meta":{"footnotes":""},"yoast_head":"<!-- This site is optimized with the Yoast SEO plugin v21.7 - https:\/\/yoast.com\/wordpress\/plugins\/seo\/ -->\n<title>DJ Mariage Brabant Wallon, Anniversaire et DJ - Ambiance Garantie<\/title>\n<meta name=\"description\" content=\"Sono Cadillac et son DJ vous recommande Le Palais de la Plume \u00e0 Ittre. Le Palais de Plume est un authentique th\u00e9\u00e2tre lyrique qui a \u00e9t\u00e9 enti\u00e8rement r\u00e9nov\u00e9 en 1997 et pouvant accueillir de 10 \u00e0 900 personnes. En choisissant le Palais de Plume vous \u00eates certains de surprendre vos invit\u00e9s. Alors faites confiance \u00e0 votre DJ\" \/>\n<meta name=\"robots\" content=\"index, follow, max-snippet:-1, max-image-preview:large, max-video-preview:-1\" \/>\n<link rel=\"canonical\" href=\"https:\/\/sonocadillac.be\/index.php\/dj-mariage-ittre\/\" \/>\n<meta property=\"og:locale\" content=\"fr_FR\" \/>\n<meta property=\"og:type\" content=\"article\" \/>\n<meta property=\"og:title\" content=\"DJ Mariage Brabant Wallon, Anniversaire et DJ - Ambiance Garantie\" \/>\n<meta property=\"og:description\" content=\"Sono Cadillac et son DJ vous recommande Le Palais de la Plume \u00e0 Ittre. Le Palais de Plume est un authentique th\u00e9\u00e2tre lyrique qui a \u00e9t\u00e9 enti\u00e8rement r\u00e9nov\u00e9 en 1997 et pouvant accueillir de 10 \u00e0 900 personnes. En choisissant le Palais de Plume vous \u00eates certains de surprendre vos invit\u00e9s. Alors faites confiance \u00e0 votre DJ\" \/>\n<meta property=\"og:url\" content=\"https:\/\/sonocadillac.be\/index.php\/dj-mariage-ittre\/\" \/>\n<meta property=\"og:site_name\" content=\"Sono Cadillac\" \/>\n<meta property=\"article:publisher\" content=\"https:\/\/www.facebook.com\/sonocadillac\/\" \/>\n<meta property=\"article:modified_time\" content=\"2023-10-16T06:14:22+00:00\" \/>\n<meta property=\"og:image\" content=\"https:\/\/sonocadillac.be\/wp-content\/uploads\/2019\/10\/palais-de-la-plume-mariage-1024x682.jpg\" \/>\n<meta name=\"twitter:card\" content=\"summary_large_image\" \/>\n<meta name=\"twitter:label1\" content=\"Dur\u00e9e de lecture estim\u00e9e\" \/>\n\t<meta name=\"twitter:data1\" content=\"2 minutes\" \/>\n<script type=\"application\/ld+json\" class=\"yoast-schema-graph\">{\"@context\":\"https:\/\/schema.org\",\"@graph\":[{\"@type\":\"WebPage\",\"@id\":\"https:\/\/sonocadillac.be\/index.php\/dj-mariage-ittre\/\",\"url\":\"https:\/\/sonocadillac.be\/index.php\/dj-mariage-ittre\/\",\"name\":\"DJ Mariage Brabant Wallon, Anniversaire et DJ - Ambiance Garantie\",\"isPartOf\":{\"@id\":\"https:\/\/sonocadillac.be\/#website\"},\"datePublished\":\"2019-10-25T21:39:31+00:00\",\"dateModified\":\"2023-10-16T06:14:22+00:00\",\"description\":\"Sono Cadillac et son DJ vous recommande Le Palais de la Plume \u00e0 Ittre. Le Palais de Plume est un authentique th\u00e9\u00e2tre lyrique qui a \u00e9t\u00e9 enti\u00e8rement r\u00e9nov\u00e9 en 1997 et pouvant accueillir de 10 \u00e0 900 personnes. En choisissant le Palais de Plume vous \u00eates certains de surprendre vos invit\u00e9s. Alors faites confiance \u00e0 votre DJ\",\"breadcrumb\":{\"@id\":\"https:\/\/sonocadillac.be\/index.php\/dj-mariage-ittre\/#breadcrumb\"},\"inLanguage\":\"fr-FR\",\"potentialAction\":[{\"@type\":\"ReadAction\",\"target\":[\"https:\/\/sonocadillac.be\/index.php\/dj-mariage-ittre\/\"]}]},{\"@type\":\"BreadcrumbList\",\"@id\":\"https:\/\/sonocadillac.be\/index.php\/dj-mariage-ittre\/#breadcrumb\",\"itemListElement\":[{\"@type\":\"ListItem\",\"position\":1,\"name\":\"Accueil\",\"item\":\"https:\/\/sonocadillac.be\/\"},{\"@type\":\"ListItem\",\"position\":2,\"name\":\"DJ Filippo au Palais de la Plume de Ittre pour votre mariage ou autre type d&rsquo;\u00e9v\u00e9nement pour une Ambiance garantie !\"}]},{\"@type\":\"WebSite\",\"@id\":\"https:\/\/sonocadillac.be\/#website\",\"url\":\"https:\/\/sonocadillac.be\/\",\"name\":\"Sono Cadillac\",\"description\":\"DJ sp\u00e9cialiste en animation de mariages !\",\"publisher\":{\"@id\":\"https:\/\/sonocadillac.be\/#organization\"},\"potentialAction\":[{\"@type\":\"SearchAction\",\"target\":{\"@type\":\"EntryPoint\",\"urlTemplate\":\"https:\/\/sonocadillac.be\/?s={search_term_string}\"},\"query-input\":\"required name=search_term_string\"}],\"inLanguage\":\"fr-FR\"},{\"@type\":\"Organization\",\"@id\":\"https:\/\/sonocadillac.be\/#organization\",\"name\":\"SONO CADILLAC\",\"url\":\"https:\/\/sonocadillac.be\/\",\"logo\":{\"@type\":\"ImageObject\",\"inLanguage\":\"fr-FR\",\"@id\":\"https:\/\/sonocadillac.be\/#\/schema\/logo\/image\/\",\"url\":\"http:\/\/sonocadillac.be\/wp-content\/uploads\/2017\/02\/Logo-Sono-Cadillac-noir.png\",\"contentUrl\":\"http:\/\/sonocadillac.be\/wp-content\/uploads\/2017\/02\/Logo-Sono-Cadillac-noir.png\",\"width\":2667,\"height\":1611,\"caption\":\"SONO CADILLAC\"},\"image\":{\"@id\":\"https:\/\/sonocadillac.be\/#\/schema\/logo\/image\/\"},\"sameAs\":[\"https:\/\/www.facebook.com\/sonocadillac\/\"]}]}<\/script>\n<!-- \/ Yoast SEO plugin. -->","yoast_head_json":{"title":"DJ Mariage Brabant Wallon, Anniversaire et DJ - Ambiance Garantie","description":"Sono Cadillac et son DJ vous recommande Le Palais de la Plume \u00e0 Ittre. Le Palais de Plume est un authentique th\u00e9\u00e2tre lyrique qui a \u00e9t\u00e9 enti\u00e8rement r\u00e9nov\u00e9 en 1997 et pouvant accueillir de 10 \u00e0 900 personnes. En choisissant le Palais de Plume vous \u00eates certains de surprendre vos invit\u00e9s. Alors faites confiance \u00e0 votre DJ","robots":{"index":"index","follow":"follow","max-snippet":"max-snippet:-1","max-image-preview":"max-image-preview:large","max-video-preview":"max-video-preview:-1"},"canonical":"https:\/\/sonocadillac.be\/index.php\/dj-mariage-ittre\/","og_locale":"fr_FR","og_type":"article","og_title":"DJ Mariage Brabant Wallon, Anniversaire et DJ - Ambiance Garantie","og_description":"Sono Cadillac et son DJ vous recommande Le Palais de la Plume \u00e0 Ittre. Le Palais de Plume est un authentique th\u00e9\u00e2tre lyrique qui a \u00e9t\u00e9 enti\u00e8rement r\u00e9nov\u00e9 en 1997 et pouvant accueillir de 10 \u00e0 900 personnes. En choisissant le Palais de Plume vous \u00eates certains de surprendre vos invit\u00e9s. Alors faites confiance \u00e0 votre DJ","og_url":"https:\/\/sonocadillac.be\/index.php\/dj-mariage-ittre\/","og_site_name":"Sono Cadillac","article_publisher":"https:\/\/www.facebook.com\/sonocadillac\/","article_modified_time":"2023-10-16T06:14:22+00:00","og_image":[{"url":"https:\/\/sonocadillac.be\/wp-content\/uploads\/2019\/10\/palais-de-la-plume-mariage-1024x682.jpg"}],"twitter_card":"summary_large_image","twitter_misc":{"Dur\u00e9e de lecture estim\u00e9e":"2 minutes"},"schema":{"@context":"https:\/\/schema.org","@graph":[{"@type":"WebPage","@id":"https:\/\/sonocadillac.be\/index.php\/dj-mariage-ittre\/","url":"https:\/\/sonocadillac.be\/index.php\/dj-mariage-ittre\/","name":"DJ Mariage Brabant Wallon, Anniversaire et DJ - Ambiance Garantie","isPartOf":{"@id":"https:\/\/sonocadillac.be\/#website"},"datePublished":"2019-10-25T21:39:31+00:00","dateModified":"2023-10-16T06:14:22+00:00","description":"Sono Cadillac et son DJ vous recommande Le Palais de la Plume \u00e0 Ittre. Le Palais de Plume est un authentique th\u00e9\u00e2tre lyrique qui a \u00e9t\u00e9 enti\u00e8rement r\u00e9nov\u00e9 en 1997 et pouvant accueillir de 10 \u00e0 900 personnes. En choisissant le Palais de Plume vous \u00eates certains de surprendre vos invit\u00e9s. Alors faites confiance \u00e0 votre DJ","breadcrumb":{"@id":"https:\/\/sonocadillac.be\/index.php\/dj-mariage-ittre\/#breadcrumb"},"inLanguage":"fr-FR","potentialAction":[{"@type":"ReadAction","target":["https:\/\/sonocadillac.be\/index.php\/dj-mariage-ittre\/"]}]},{"@type":"BreadcrumbList","@id":"https:\/\/sonocadillac.be\/index.php\/dj-mariage-ittre\/#breadcrumb","itemListElement":[{"@type":"ListItem","position":1,"name":"Accueil","item":"https:\/\/sonocadillac.be\/"},{"@type":"ListItem","position":2,"name":"DJ Filippo au Palais de la Plume de Ittre pour votre mariage ou autre type d&rsquo;\u00e9v\u00e9nement pour une Ambiance garantie !"}]},{"@type":"WebSite","@id":"https:\/\/sonocadillac.be\/#website","url":"https:\/\/sonocadillac.be\/","name":"Sono Cadillac","description":"DJ sp\u00e9cialiste en animation de mariages !","publisher":{"@id":"https:\/\/sonocadillac.be\/#organization"},"potentialAction":[{"@type":"SearchAction","target":{"@type":"EntryPoint","urlTemplate":"https:\/\/sonocadillac.be\/?s={search_term_string}"},"query-input":"required name=search_term_string"}],"inLanguage":"fr-FR"},{"@type":"Organization","@id":"https:\/\/sonocadillac.be\/#organization","name":"SONO CADILLAC","url":"https:\/\/sonocadillac.be\/","logo":{"@type":"ImageObject","inLanguage":"fr-FR","@id":"https:\/\/sonocadillac.be\/#\/schema\/logo\/image\/","url":"http:\/\/sonocadillac.be\/wp-content\/uploads\/2017\/02\/Logo-Sono-Cadillac-noir.png","contentUrl":"http:\/\/sonocadillac.be\/wp-content\/uploads\/2017\/02\/Logo-Sono-Cadillac-noir.png","width":2667,"height":1611,"caption":"SONO CADILLAC"},"image":{"@id":"https:\/\/sonocadillac.be\/#\/schema\/logo\/image\/"},"sameAs":["https:\/\/www.facebook.com\/sonocadillac\/"]}]}},"_links":{"self":[{"href":"https:\/\/sonocadillac.be\/index.php\/wp-json\/wp\/v2\/pages\/533"}],"collection":[{"href":"https:\/\/sonocadillac.be\/index.php\/wp-json\/wp\/v2\/pages"}],"about":[{"href":"https:\/\/sonocadillac.be\/index.php\/wp-json\/wp\/v2\/types\/page"}],"author":[{"embeddable":true,"href":"https:\/\/sonocadillac.be\/index.php\/wp-json\/wp\/v2\/users\/2"}],"replies":[{"embeddable":true,"href":"https:\/\/sonocadillac.be\/index.php\/wp-json\/wp\/v2\/comments?post=533"}],"version-history":[{"count":26,"href":"https:\/\/sonocadillac.be\/index.php\/wp-json\/wp\/v2\/pages\/533\/revisions"}],"predecessor-version":[{"id":826,"href":"https:\/\/sonocadillac.be\/index.php\/wp-json\/wp\/v2\/pages\/533\/revisions\/826"}],"wp:attachment":[{"href":"https:\/\/sonocadillac.be\/index.php\/wp-json\/wp\/v2\/media?parent=533"}],"curies":[{"name":"wp","href":"https:\/\/api.w.org\/{rel}","templated":true}]}}